{"id":2,"date":"2024-02-02T11:43:54","date_gmt":"2024-02-02T10:43:54","guid":{"rendered":"https:\/\/www.diocesi.pavia.it\/ufficiocatechistico\/?page_id=2"},"modified":"2026-03-23T13:56:59","modified_gmt":"2026-03-23T12:56:59","slug":"home","status":"publish","type":"page","link":"https:\/\/www.diocesi.pavia.it\/ufficiosalute\/","title":{"rendered":"Home"},"content":{"rendered":"<div id=\"pl-2\"  class=\"panel-layout\" ><div id=\"pg-2-0\"  class=\"panel-grid panel-has-style\" ><div class=\"row grid-x panel-row-style panel-row-style-for-2-0\" ><div id=\"pgc-2-0-0\"  class=\"panel-grid-cell cell columns small-12 medium-12\" ><div id=\"panel-2-0-0-0\" class=\"so-panel widget widget_text panel-first-child panel-last-child\" data-index=\"0\" ><div style=\";background-repeat:repeat;\" class=\"panel-widget-style panel-widget-style-for-2-0-0-0\" >\t\t\t<div class=\"textwidget\"><p><strong>Il Buon Samaritano (Lc, 10, 30-37)<\/strong><br \/>\nGes\u00f9 riprese: \u201cUn uomo scendeva da Gerusalemme a Gerico e cadde nelle mani dei briganti, che gli portarono via tutto, lo percossero a sangue e se ne andarono, lasciandolo mezzo morto. Per caso, un sacerdote scendeva per quella medesima strada e, quando lo vide, pass\u00f2 oltre. Anche un levita, giunto in quel luogo, vide e pass\u00f2 oltre. <strong>Invece un Samaritano, che era in viaggio, passandogli accanto, vide e ne ebbe compassione.<\/strong> Gli si fece vicino, gli fasci\u00f2 le ferite, versandovi olio e vino; poi lo caric\u00f2 sulla sua cavalcatura, lo port\u00f2 in un albergo e si prese cura di lui. Il giorno seguente, tir\u00f2 fuori due denari e li diede all&#8217;albergatore, dicendo: \u201cAbbi cura di lui, ci\u00f2 che spenderai in pi\u00f9, te lo pagher\u00f2 al mio ritorno\u201d. Chi di questi tre ti sembra sia stato prossimo di colui che \u00e8 caduto nelle mani dei briganti?\u201d. Quello rispose: \u201cchi ha avuto compassione di lui\u201d. <strong>Ges\u00f9 gli disse: \u201cva e anche tu fa&#8217; lo stesso\u201d.<\/strong><\/p>\n<p>&nbsp;<\/p>\n<p>&nbsp;<\/p>\n<\/div>\n\t\t<\/div><\/div><\/div><\/div><\/div><div id=\"pg-2-1\"  class=\"panel-grid panel-has-style\" ><div class=\"row grid-x panel-row-style panel-row-style-for-2-1\" ><div id=\"pgc-2-1-0\"  class=\"panel-grid-cell cell columns small-12 medium-12\" ><div id=\"panel-2-1-0-0\" class=\"so-panel widget widget_seed-so-widget-all-in-one-lite panel-first-child panel-last-child\" data-index=\"1\" ><div style=\";background-repeat:repeat;\" id=\"notizie\" class=\"panel-widget-style panel-widget-style-for-2-1-0-0\" ><div\n\t\t\t\n\t\t\tclass=\"so-widget-seed-so-widget-all-in-one-lite so-widget-seed-so-widget-all-in-one-lite-default-d75171398898-2\"\n\t\t\t\n\t\t><div class=\"grid-x grid-margin-x\">                               <div class=\"cell small-12 medium-4 large-4 notizia\">\n   <div class=\"miniatura\"><img decoding=\"async\" src=\"https:\/\/www.diocesi.pavia.it\/ufficiosalute\/wp-content\/uploads\/sites\/6\/2026\/04\/100-parole-600x400-c-default.png\" \/><\/div>\n\n<div class=\"categoria\"><a href=\"\">News<\/a><\/div>\n   <div class=\"titolo\"><a href=\"https:\/\/www.diocesi.pavia.it\/ufficiosalute\/2026\/04\/22\/15-maggio-2026-100-parole-per-un-manager-umanista\/\">15 maggio 2026 &#8211; 100 PAROLE per un manager UMANISTA<\/a><\/div>\n<div class=\"data\">22 Aprile 2026<\/div>\n<\/div>\n                                                         <div class=\"cell small-12 medium-4 large-4 notizia\">\n   <div class=\"miniatura\"><img decoding=\"async\" src=\"https:\/\/www.diocesi.pavia.it\/ufficiosalute\/wp-content\/uploads\/sites\/6\/2026\/02\/217_Pelegri-Clave-i-Roquer_El-bon-samarita-1838-Lasaosa-2014-1536x1154-1-600x400-c-default.jpeg\" \/><\/div>\n\n<div class=\"categoria\"><a href=\"\">News<\/a><\/div>\n   <div class=\"titolo\"><a href=\"https:\/\/www.diocesi.pavia.it\/ufficiosalute\/2026\/04\/17\/28-aprile-2026-incontro-dei-cappellani-della-diocesi\/\">28 aprile 2026: incontro dei cappellani della Diocesi<\/a><\/div>\n<div class=\"data\">17 Aprile 2026<\/div>\n<\/div>\n                                                         <div class=\"cell small-12 medium-4 large-4 notizia\">\n   <div class=\"miniatura\"><img decoding=\"async\" src=\"https:\/\/www.diocesi.pavia.it\/ufficiosalute\/wp-content\/uploads\/sites\/6\/2026\/01\/S.Martino-1-600x400-c-default.jpg\" \/><\/div>\n\n<div class=\"categoria\"><a href=\"\">News<\/a><\/div>\n   <div class=\"titolo\"><a href=\"https:\/\/www.diocesi.pavia.it\/ufficiosalute\/2026\/03\/11\/atti-del-convegno-sulle-cure-palliative-del-7-febbraio-2026\/\">Atti del convegno sulle cure palliative del 7 febbraio 2026<\/a><\/div>\n<div class=\"data\">11 Marzo 2026<\/div>\n<\/div>\n                           <\/div>\n<div class=\"archive\"><a href=\"\/ufficiosalute\/category\/news\">TUTTE LE NEWS<\/a><\/div><\/div><\/div><\/div><\/div><\/div><\/div><div id=\"pg-2-2\"  class=\"panel-grid panel-has-style\" ><div class=\"row grid-x panel-row-style panel-row-style-for-2-2\" id=\"uffici-curia\" ><div id=\"pgc-2-2-0\"  class=\"panel-grid-cell cell columns small-12 medium-12\" ><div id=\"panel-2-2-0-0\" class=\"so-panel widget widget_seed-so-widget-all-in-one-lite panel-first-child\" data-index=\"2\" ><div style=\";background-repeat:repeat;\" id=\"documenti\" class=\"panel-widget-style panel-widget-style-for-2-2-0-0\" ><div\n\t\t\t\n\t\t\tclass=\"so-widget-seed-so-widget-all-in-one-lite so-widget-seed-so-widget-all-in-one-lite-default-d75171398898-3230\"\n\t\t\t\n\t\t><div class=\"widget-title\"><h3>DOCUMENTI<\/h3><\/div>\n<div class=\"grid-x grid-margin-x\"> <\/div>\n<div class=\"archive\"><a href=\"\/ufficiosalute\/category\/documenti\">TUTTI I DOCUMENTI<\/a><\/div><\/div><\/div><\/div><div id=\"panel-2-2-0-1\" class=\"so-panel widget widget_text panel-last-child\" data-index=\"3\" ><div style=\";background-repeat:repeat;\" class=\"panel-widget-style panel-widget-style-for-2-2-0-1\" ><h3 class=\"widget-title\">Altre News:<\/h3>\t\t\t<div class=\"textwidget\"><p>NEWS BREVI<\/p>\n<p><strong>Febbraio 2026<\/strong> &#8211; puntata di Vediamoci Chiaro su TV2000 sull&#8217;esperienza della <strong>&#8220;Badante di condominio&#8221;<\/strong> nata a Pavia grazie all&#8217;intuizione dell&#8217;Associazione &#8220;Vasi di Creta&#8221;\u00a0<a href=\"https:\/\/www.tv2000.it\/vediamocichiaro\/video\/badante-di-condominio-un-aiuto-concreto\/\">Rivedi qui la puntata<\/a><\/p>\n<p>&nbsp;<\/p>\n<p>&nbsp;<\/p>\n<p>&nbsp;<\/p>\n<p>&nbsp;<\/p>\n<p>&nbsp;<\/p>\n<p><a href=\"https:\/\/www.diocesi.pavia.it\/ufficiosalute\/home\/archivio-news-brevi\/\">Archivio News brevi<\/a><\/p>\n<\/div>\n\t\t<\/div><\/div><\/div><\/div><\/div><\/div>","protected":false},"excerpt":{"rendered":"<p>Il Buon Samaritano (Lc, 10, 30-37) Ges\u00f9 riprese: \u201cUn uomo scendeva da Gerusalemme a Gerico e cadde nelle mani dei briganti, che gli portarono via tutto, lo percossero a sangue e se ne andarono, lasciandolo mezzo morto. Per caso, un sacerdote scendeva per quella medesima strada e, quando lo vide, pass\u00f2 oltre. Anche un levita, giunto in quel luogo, vide e pass\u00f2 oltre. Invece un &hellip; <a href=\"https:\/\/www.diocesi.pavia.it\/ufficiosalute\/\" class=\"more-link\">Continue reading <span class=\"screen-reader-text\">Home<\/span> <span class=\"meta-nav\">&raquo;<\/span><\/a><\/p>\n","protected":false},"author":2,"featured_media":0,"parent":0,"menu_order":0,"comment_status":"closed","ping_status":"closed","template":"page-templates\/front-page.php","meta":{"_acf_changed":false,"ip_address":"","user_agent":"","level":"","revision":"","cookie_id":"","page_referer":"","html_form":"","footnotes":""},"class_list":["post-2","page","type-page","status-publish","hentry"],"acf":[],"yoast_head":"<!-- This site is optimized with the Yoast SEO plugin v27.4 - https:\/\/yoast.com\/product\/yoast-seo-wordpress\/ -->\n<title>Home - Ufficio Salute<\/title>\n<meta name=\"robots\" content=\"index, follow, max-snippet:-1, max-image-preview:large, max-video-preview:-1\" \/>\n<link rel=\"canonical\" href=\"https:\/\/www.diocesi.pavia.it\/ufficiosalute\/\" \/>\n<meta property=\"og:locale\" content=\"it_IT\" \/>\n<meta property=\"og:type\" content=\"article\" \/>\n<meta property=\"og:title\" content=\"Home - Ufficio Salute\" \/>\n<meta property=\"og:description\" content=\"Il Buon Samaritano (Lc, 10, 30-37) Ges\u00f9 riprese: \u201cUn uomo scendeva da Gerusalemme a Gerico e cadde nelle mani dei briganti, che gli portarono via tutto, lo percossero a sangue e se ne andarono, lasciandolo mezzo morto. Per caso, un sacerdote scendeva per quella medesima strada e, quando lo vide, pass\u00f2 oltre. Anche un levita, giunto in quel luogo, vide e pass\u00f2 oltre. Invece un &hellip; Continue reading Home &raquo;\" \/>\n<meta property=\"og:url\" content=\"https:\/\/www.diocesi.pavia.it\/ufficiosalute\/\" \/>\n<meta property=\"og:site_name\" content=\"Ufficio Salute\" \/>\n<meta property=\"article:modified_time\" content=\"2026-03-23T12:56:59+00:00\" \/>\n<meta name=\"twitter:card\" content=\"summary_large_image\" \/>\n<meta name=\"twitter:label1\" content=\"Tempo di lettura stimato\" \/>\n\t<meta name=\"twitter:data1\" content=\"2 minuti\" \/>\n<script type=\"application\/ld+json\" class=\"yoast-schema-graph\">{\"@context\":\"https:\\\/\\\/schema.org\",\"@graph\":[{\"@type\":\"WebPage\",\"@id\":\"https:\\\/\\\/www.diocesi.pavia.it\\\/ufficiosalute\\\/\",\"url\":\"https:\\\/\\\/www.diocesi.pavia.it\\\/ufficiosalute\\\/\",\"name\":\"Home - Ufficio Salute\",\"isPartOf\":{\"@id\":\"https:\\\/\\\/www.diocesi.pavia.it\\\/ufficiosalute\\\/#website\"},\"datePublished\":\"2024-02-02T10:43:54+00:00\",\"dateModified\":\"2026-03-23T12:56:59+00:00\",\"breadcrumb\":{\"@id\":\"https:\\\/\\\/www.diocesi.pavia.it\\\/ufficiosalute\\\/#breadcrumb\"},\"inLanguage\":\"it-IT\",\"potentialAction\":[{\"@type\":\"ReadAction\",\"target\":[\"https:\\\/\\\/www.diocesi.pavia.it\\\/ufficiosalute\\\/\"]}]},{\"@type\":\"BreadcrumbList\",\"@id\":\"https:\\\/\\\/www.diocesi.pavia.it\\\/ufficiosalute\\\/#breadcrumb\",\"itemListElement\":[{\"@type\":\"ListItem\",\"position\":1,\"name\":\"Home\",\"item\":\"https:\\\/\\\/www.diocesi.pavia.it\\\/ufficiosalute\\\/\"},{\"@type\":\"ListItem\",\"position\":2,\"name\":\"Home\"}]},{\"@type\":\"WebSite\",\"@id\":\"https:\\\/\\\/www.diocesi.pavia.it\\\/ufficiosalute\\\/#website\",\"url\":\"https:\\\/\\\/www.diocesi.pavia.it\\\/ufficiosalute\\\/\",\"name\":\"Ufficio Salute\",\"description\":\"Diocesi di Pavia\",\"publisher\":{\"@id\":\"https:\\\/\\\/www.diocesi.pavia.it\\\/ufficiosalute\\\/#organization\"},\"potentialAction\":[{\"@type\":\"SearchAction\",\"target\":{\"@type\":\"EntryPoint\",\"urlTemplate\":\"https:\\\/\\\/www.diocesi.pavia.it\\\/ufficiosalute\\\/?s={search_term_string}\"},\"query-input\":{\"@type\":\"PropertyValueSpecification\",\"valueRequired\":true,\"valueName\":\"search_term_string\"}}],\"inLanguage\":\"it-IT\"},{\"@type\":\"Organization\",\"@id\":\"https:\\\/\\\/www.diocesi.pavia.it\\\/ufficiosalute\\\/#organization\",\"name\":\"Ufficio Salute\",\"url\":\"https:\\\/\\\/www.diocesi.pavia.it\\\/ufficiosalute\\\/\",\"logo\":{\"@type\":\"ImageObject\",\"inLanguage\":\"it-IT\",\"@id\":\"https:\\\/\\\/www.diocesi.pavia.it\\\/ufficiosalute\\\/#\\\/schema\\\/logo\\\/image\\\/\",\"url\":\"https:\\\/\\\/www.diocesi.pavia.it\\\/ufficiosalute\\\/wp-content\\\/uploads\\\/sites\\\/6\\\/2024\\\/12\\\/home_salute.png\",\"contentUrl\":\"https:\\\/\\\/www.diocesi.pavia.it\\\/ufficiosalute\\\/wp-content\\\/uploads\\\/sites\\\/6\\\/2024\\\/12\\\/home_salute.png\",\"width\":446,\"height\":108,\"caption\":\"Ufficio Salute\"},\"image\":{\"@id\":\"https:\\\/\\\/www.diocesi.pavia.it\\\/ufficiosalute\\\/#\\\/schema\\\/logo\\\/image\\\/\"}}]}<\/script>\n<!-- \/ Yoast SEO plugin. -->","yoast_head_json":{"title":"Home - Ufficio Salute","robots":{"index":"index","follow":"follow","max-snippet":"max-snippet:-1","max-image-preview":"max-image-preview:large","max-video-preview":"max-video-preview:-1"},"canonical":"https:\/\/www.diocesi.pavia.it\/ufficiosalute\/","og_locale":"it_IT","og_type":"article","og_title":"Home - Ufficio Salute","og_description":"Il Buon Samaritano (Lc, 10, 30-37) Ges\u00f9 riprese: \u201cUn uomo scendeva da Gerusalemme a Gerico e cadde nelle mani dei briganti, che gli portarono via tutto, lo percossero a sangue e se ne andarono, lasciandolo mezzo morto. Per caso, un sacerdote scendeva per quella medesima strada e, quando lo vide, pass\u00f2 oltre. Anche un levita, giunto in quel luogo, vide e pass\u00f2 oltre. Invece un &hellip; Continue reading Home &raquo;","og_url":"https:\/\/www.diocesi.pavia.it\/ufficiosalute\/","og_site_name":"Ufficio Salute","article_modified_time":"2026-03-23T12:56:59+00:00","twitter_card":"summary_large_image","twitter_misc":{"Tempo di lettura stimato":"2 minuti"},"schema":{"@context":"https:\/\/schema.org","@graph":[{"@type":"WebPage","@id":"https:\/\/www.diocesi.pavia.it\/ufficiosalute\/","url":"https:\/\/www.diocesi.pavia.it\/ufficiosalute\/","name":"Home - Ufficio Salute","isPartOf":{"@id":"https:\/\/www.diocesi.pavia.it\/ufficiosalute\/#website"},"datePublished":"2024-02-02T10:43:54+00:00","dateModified":"2026-03-23T12:56:59+00:00","breadcrumb":{"@id":"https:\/\/www.diocesi.pavia.it\/ufficiosalute\/#breadcrumb"},"inLanguage":"it-IT","potentialAction":[{"@type":"ReadAction","target":["https:\/\/www.diocesi.pavia.it\/ufficiosalute\/"]}]},{"@type":"BreadcrumbList","@id":"https:\/\/www.diocesi.pavia.it\/ufficiosalute\/#breadcrumb","itemListElement":[{"@type":"ListItem","position":1,"name":"Home","item":"https:\/\/www.diocesi.pavia.it\/ufficiosalute\/"},{"@type":"ListItem","position":2,"name":"Home"}]},{"@type":"WebSite","@id":"https:\/\/www.diocesi.pavia.it\/ufficiosalute\/#website","url":"https:\/\/www.diocesi.pavia.it\/ufficiosalute\/","name":"Ufficio Salute","description":"Diocesi di Pavia","publisher":{"@id":"https:\/\/www.diocesi.pavia.it\/ufficiosalute\/#organization"},"potentialAction":[{"@type":"SearchAction","target":{"@type":"EntryPoint","urlTemplate":"https:\/\/www.diocesi.pavia.it\/ufficiosalute\/?s={search_term_string}"},"query-input":{"@type":"PropertyValueSpecification","valueRequired":true,"valueName":"search_term_string"}}],"inLanguage":"it-IT"},{"@type":"Organization","@id":"https:\/\/www.diocesi.pavia.it\/ufficiosalute\/#organization","name":"Ufficio Salute","url":"https:\/\/www.diocesi.pavia.it\/ufficiosalute\/","logo":{"@type":"ImageObject","inLanguage":"it-IT","@id":"https:\/\/www.diocesi.pavia.it\/ufficiosalute\/#\/schema\/logo\/image\/","url":"https:\/\/www.diocesi.pavia.it\/ufficiosalute\/wp-content\/uploads\/sites\/6\/2024\/12\/home_salute.png","contentUrl":"https:\/\/www.diocesi.pavia.it\/ufficiosalute\/wp-content\/uploads\/sites\/6\/2024\/12\/home_salute.png","width":446,"height":108,"caption":"Ufficio Salute"},"image":{"@id":"https:\/\/www.diocesi.pavia.it\/ufficiosalute\/#\/schema\/logo\/image\/"}}]}},"_links":{"self":[{"href":"https:\/\/www.diocesi.pavia.it\/ufficiosalute\/wp-json\/wp\/v2\/pages\/2","targetHints":{"allow":["GET"]}}],"collection":[{"href":"https:\/\/www.diocesi.pavia.it\/ufficiosalute\/wp-json\/wp\/v2\/pages"}],"about":[{"href":"https:\/\/www.diocesi.pavia.it\/ufficiosalute\/wp-json\/wp\/v2\/types\/page"}],"author":[{"embeddable":true,"href":"https:\/\/www.diocesi.pavia.it\/ufficiosalute\/wp-json\/wp\/v2\/users\/2"}],"replies":[{"embeddable":true,"href":"https:\/\/www.diocesi.pavia.it\/ufficiosalute\/wp-json\/wp\/v2\/comments?post=2"}],"version-history":[{"count":50,"href":"https:\/\/www.diocesi.pavia.it\/ufficiosalute\/wp-json\/wp\/v2\/pages\/2\/revisions"}],"predecessor-version":[{"id":3301,"href":"https:\/\/www.diocesi.pavia.it\/ufficiosalute\/wp-json\/wp\/v2\/pages\/2\/revisions\/3301"}],"wp:attachment":[{"href":"https:\/\/www.diocesi.pavia.it\/ufficiosalute\/wp-json\/wp\/v2\/media?parent=2"}],"curies":[{"name":"wp","href":"https:\/\/api.w.org\/{rel}","templated":true}]}}